{"id":1320,"date":"2016-11-02T08:34:03","date_gmt":"2016-11-02T07:34:03","guid":{"rendered":"http:\/\/www.sfih-holzfeuerungen.ch\/fr\/?page_id=1320"},"modified":"2026-03-17T09:27:07","modified_gmt":"2026-03-17T08:27:07","slug":"evenements","status":"publish","type":"page","link":"https:\/\/www.holzfeuerungen-schweiz.ch\/fr\/evenements","title":{"rendered":"\u00c9v\u00e9nements"},"content":{"rendered":"\t\t\t<section  class=\"content-section vc_backgroundimage vc_bg_image_medium   stretch-row vc-cover   mb-20-xs mb-30-sm\"  style=\"background-position:center center;background-image:url(https:\/\/www.holzfeuerungen-schweiz.ch\/wp-content\/uploads\/2020\/11\/businessman-2798560-1920-web.jpg);\"  >\n\n\t\t\t\t<div class=\"row  \">\n\n\t\t\t\t\t[vc_column][\/vc_column]\n\t\t\t\t<\/div>\n\n\t\t\t\t\n\t\t\t\t\n\t\t\t\n\t\t\t\n\t\t<\/section>\n\n\t\t\t\t<section  class=\"content-section      mt-30-xs mt-40-md\"    >\n\n\t\t\t\t<div class=\"row  \">\n\n\t\t\t\t\t[vc_column][vc_column_text css=\u00a0\u00bb\u00a0\u00bb vc_rwd=\u00a0\u00bb\u00a0\u00bb]<strong>Assembl\u00e9e g\u00e9n\u00e9rale<br \/>\n<\/strong>Mardi 22 avril 2026<\/p>\n<p><strong>Assembl\u00e9e des membres<br \/>\n<\/strong>Mardi 22 avril 2026<\/p>\n<p><strong>R\u00e9union du conseil d&rsquo;administration<br \/>\n<\/strong>Mercredi 4 mars 2026<br \/>\nMercredi 22 avril 2026<br \/>\nJeudi 17 septembre 2026<br \/>\nJeudi 3 d\u00e9cembre 2026[\/vc_column_text][ls_vc_divider vc_divider_alignment=\u00a0\u00bbdivider&#8211;left\u00a0\u00bb vc_divider_width=\u00a0\u00bbdivider__width&#8211;50&Prime; vc_divider_height=\u00a0\u00bb2px\u00a0\u00bb][vc_column_text]\n<h4>Rappel de la r\u00e9union des membres 2020<\/h4>\n<p>Accueillir Meisterfilter AG \u00e0 Laupersdorf[\/vc_column_text][\/vc_column]\n\t\t\t\t<\/div>\n\n\t\t\t\t\n\t\t\t\t\n\t\t\t\n\t\t\t\n\t\t<\/section>\n\n\t\t\t\t<section  class=\"content-section      mt-30-xs mb-30-xs mt-40-md mb-40-md\"    >\n\n\t\t\t\t<div class=\"row  \">\n\n\t\t\t\t\t[vc_column width=\u00a0\u00bb1\/2&Prime;][vc_video link=\u00a0\u00bbhttps:\/\/youtu.be\/4P4DwuK9qms\u00a0\u00bb][\/vc_column][vc_column width=\u00a0\u00bb1\/2&Prime;][\/vc_column]\n\t\t\t\t<\/div>\n\n\t\t\t\t\n\t\t\t\t\n\t\t\t\n\t\t\t\n\t\t<\/section>\n\n\t\t\t\t<section  class=\"content-section      mb-20-xs mb-30-sm\"    >\n\n\t\t\t\t<div class=\"row  \">\n\n\t\t\t\t\t[vc_column][ls_vc_justified_gallery rowheight=\u00a0\u00bb200&Prime; gallery_margin=\u00a0\u00bb1&Prime; image=\u00a0\u00bb2478,2476,2474,2472,2470,2468,2466,2464,2462,2460,2458,2456,2480,2454,2452,2450,2448,2446,2444,2442,2440,2438,2436,2434,2432,2430,2428,2426,2424,2422&Prime;][\/vc_column]\n\t\t\t\t<\/div>\n\n\t\t\t\t\n\t\t\t\t\n\t\t\t\n\t\t\t\n\t\t<\/section>\n\n\t\t\t\t<section  class=\"content-section      mb-20-xs mb-30-sm\"    >\n\n\t\t\t\t<div class=\"row  \">\n\n\t\t\t\t\t[vc_column][vc_column_text]\n<p>Referate \u00fcber den Klimawandel:<br \/>\n1. <a href=\"https:\/\/www.holzfeuerungen-schweiz.ch\/wp-content\/uploads\/2020\/10\/Praesentation-Klimawandel-MV-2020_G.Kaufmann-komprimiert.pdf\" target=\"_blank\" rel=\"noopener noreferrer\">Auswirkungen des Klimawandels auf den Wald von Geri Kaufmann <\/a><br \/>\n2. <a href=\"https:\/\/www.holzfeuerungen-schweiz.ch\/wp-content\/uploads\/2020\/10\/Herbst_MV_2020_Referat-A.Keel_.pdf\" target=\"_blank\" rel=\"noopener noreferrer\">Auswirkungen Chancen durch den Klimawandel auf die Holzenergie von Andreas Keel<\/a>[\/vc_column_text][ls_vc_divider vc_divider_alignment=\u00a0\u00bbdivider&#8211;left\u00a0\u00bb vc_divider_width=\u00a0\u00bbdivider__width&#8211;50&Prime; vc_divider_height=\u00a0\u00bb2px\u00a0\u00bb][\/vc_column]\n\t\t\t\t<\/div>\n\n\t\t\t\t\n\t\t\t\t\n\t\t\t\n\t\t\t\n\t\t<\/section>\n\n\t\n","protected":false},"excerpt":{"rendered":"[vc_column][\/vc_column] [vc_column][vc_column_text css=\"\" vc_rwd=\"\"]Assembl\u00e9e g\u00e9n\u00e9rale Mardi 22 avril 2026 Assembl\u00e9e des membres Mardi 22 avril 2026 R\u00e9union du conseil d'administration Mercredi 4 mars 2026 Mercredi 22 avril 2026 Jeudi 17 septembre 2026 Jeudi 3 d\u00e9cembre 2026[\/vc_column_text][ls_vc_divider vc_divider_alignment=\"divider--left\" vc_divider_width=\"divider__width--50\" vc_divider_height=\"2px\"][vc_column_text] Rappel de la r\u00e9union des membres 2020 Accueillir Meisterfilter AG \u00e0 <a class=\"moretag\" href=\"https:\/\/www.holzfeuerungen-schweiz.ch\/fr\/evenements\">read more...<\/a>","protected":false},"author":5,"featured_media":0,"parent":0,"menu_order":84,"comment_status":"closed","ping_status":"closed","template":"","meta":{"_acf_changed":false,"footnotes":"","_links_to":"","_links_to_target":""},"class_list":["post-1320","page","type-page","status-publish","hentry"],"acf":[],"yoast_head":"<!-- This site is optimized with the Yoast SEO plugin v27.5 - https:\/\/yoast.com\/product\/yoast-seo-wordpress\/ -->\n<title>\u00c9v\u00e9nements - Holzfeuerungen Schweiz<\/title>\n<meta name=\"robots\" content=\"index, follow, max-snippet:-1, max-image-preview:large, max-video-preview:-1\" \/>\n<link rel=\"canonical\" href=\"https:\/\/www.holzfeuerungen-schweiz.ch\/fr\/evenements\" \/>\n<meta property=\"og:locale\" content=\"fr_FR\" \/>\n<meta property=\"og:type\" content=\"article\" \/>\n<meta property=\"og:title\" content=\"\u00c9v\u00e9nements - Holzfeuerungen Schweiz\" \/>\n<meta property=\"og:url\" content=\"https:\/\/www.holzfeuerungen-schweiz.ch\/fr\/evenements\" \/>\n<meta property=\"og:site_name\" content=\"Holzfeuerungen Schweiz\" \/>\n<meta property=\"article:publisher\" content=\"https:\/\/www.facebook.com\/Holzfeuerungen-Schweiz-107491968216764\" \/>\n<meta property=\"article:modified_time\" content=\"2026-03-17T08:27:07+00:00\" \/>\n<meta property=\"og:image\" content=\"https:\/\/www.holzfeuerungen-schweiz.ch\/wp-content\/uploads\/2016\/04\/logo-holzfeuerungen-schweiz-300-dpi.png\" \/>\n\t<meta property=\"og:image:width\" content=\"2052\" \/>\n\t<meta property=\"og:image:height\" content=\"1280\" \/>\n\t<meta property=\"og:image:type\" content=\"image\/png\" \/>\n<meta name=\"twitter:card\" content=\"summary_large_image\" \/>\n<meta name=\"twitter:label1\" content=\"Dur\u00e9e de lecture estim\u00e9e\" \/>\n\t<meta name=\"twitter:data1\" content=\"1 minute\" \/>\n<script type=\"application\/ld+json\" class=\"yoast-schema-graph\">{\"@context\":\"https:\\\/\\\/schema.org\",\"@graph\":[{\"@type\":\"WebPage\",\"@id\":\"https:\\\/\\\/www.holzfeuerungen-schweiz.ch\\\/fr\\\/evenements\",\"url\":\"https:\\\/\\\/www.holzfeuerungen-schweiz.ch\\\/fr\\\/evenements\",\"name\":\"\u00c9v\u00e9nements - Holzfeuerungen Schweiz\",\"isPartOf\":{\"@id\":\"https:\\\/\\\/www.holzfeuerungen-schweiz.ch\\\/fr\\\/#website\"},\"datePublished\":\"2016-11-02T07:34:03+00:00\",\"dateModified\":\"2026-03-17T08:27:07+00:00\",\"breadcrumb\":{\"@id\":\"https:\\\/\\\/www.holzfeuerungen-schweiz.ch\\\/fr\\\/evenements#breadcrumb\"},\"inLanguage\":\"fr-FR\",\"potentialAction\":[{\"@type\":\"ReadAction\",\"target\":[\"https:\\\/\\\/www.holzfeuerungen-schweiz.ch\\\/fr\\\/evenements\"]}]},{\"@type\":\"BreadcrumbList\",\"@id\":\"https:\\\/\\\/www.holzfeuerungen-schweiz.ch\\\/fr\\\/evenements#breadcrumb\",\"itemListElement\":[{\"@type\":\"ListItem\",\"position\":1,\"name\":\"Startseite\",\"item\":\"https:\\\/\\\/www.holzfeuerungen-schweiz.ch\\\/fr\"},{\"@type\":\"ListItem\",\"position\":2,\"name\":\"\u00c9v\u00e9nements\"}]},{\"@type\":\"WebSite\",\"@id\":\"https:\\\/\\\/www.holzfeuerungen-schweiz.ch\\\/fr\\\/#website\",\"url\":\"https:\\\/\\\/www.holzfeuerungen-schweiz.ch\\\/fr\\\/\",\"name\":\"Holzfeuerungen Schweiz\",\"description\":\"\",\"publisher\":{\"@id\":\"https:\\\/\\\/www.holzfeuerungen-schweiz.ch\\\/fr\\\/#organization\"},\"potentialAction\":[{\"@type\":\"SearchAction\",\"target\":{\"@type\":\"EntryPoint\",\"urlTemplate\":\"https:\\\/\\\/www.holzfeuerungen-schweiz.ch\\\/fr\\\/?s={search_term_string}\"},\"query-input\":{\"@type\":\"PropertyValueSpecification\",\"valueRequired\":true,\"valueName\":\"search_term_string\"}}],\"inLanguage\":\"fr-FR\"},{\"@type\":\"Organization\",\"@id\":\"https:\\\/\\\/www.holzfeuerungen-schweiz.ch\\\/fr\\\/#organization\",\"name\":\"Holzfeuerungen Schweiz\",\"url\":\"https:\\\/\\\/www.holzfeuerungen-schweiz.ch\\\/fr\\\/\",\"logo\":{\"@type\":\"ImageObject\",\"inLanguage\":\"fr-FR\",\"@id\":\"https:\\\/\\\/www.holzfeuerungen-schweiz.ch\\\/fr\\\/#\\\/schema\\\/logo\\\/image\\\/\",\"url\":\"https:\\\/\\\/www.holzfeuerungen-schweiz.ch\\\/wp-content\\\/uploads\\\/2016\\\/04\\\/logo-holzfeuerungen-schweiz-300-dpi.png\",\"contentUrl\":\"https:\\\/\\\/www.holzfeuerungen-schweiz.ch\\\/wp-content\\\/uploads\\\/2016\\\/04\\\/logo-holzfeuerungen-schweiz-300-dpi.png\",\"width\":2052,\"height\":1280,\"caption\":\"Holzfeuerungen Schweiz\"},\"image\":{\"@id\":\"https:\\\/\\\/www.holzfeuerungen-schweiz.ch\\\/fr\\\/#\\\/schema\\\/logo\\\/image\\\/\"},\"sameAs\":[\"https:\\\/\\\/www.facebook.com\\\/Holzfeuerungen-Schweiz-107491968216764\",\"https:\\\/\\\/www.linkedin.com\\\/company\\\/74027423\\\/admin\\\/\",\"https:\\\/\\\/www.youtube.com\\\/watch?v=bvRtbBWWWrU\"]}]}<\/script>\n<!-- \/ Yoast SEO plugin. -->","yoast_head_json":{"title":"\u00c9v\u00e9nements - Holzfeuerungen Schweiz","robots":{"index":"index","follow":"follow","max-snippet":"max-snippet:-1","max-image-preview":"max-image-preview:large","max-video-preview":"max-video-preview:-1"},"canonical":"https:\/\/www.holzfeuerungen-schweiz.ch\/fr\/evenements","og_locale":"fr_FR","og_type":"article","og_title":"\u00c9v\u00e9nements - Holzfeuerungen Schweiz","og_url":"https:\/\/www.holzfeuerungen-schweiz.ch\/fr\/evenements","og_site_name":"Holzfeuerungen Schweiz","article_publisher":"https:\/\/www.facebook.com\/Holzfeuerungen-Schweiz-107491968216764","article_modified_time":"2026-03-17T08:27:07+00:00","og_image":[{"width":2052,"height":1280,"url":"https:\/\/www.holzfeuerungen-schweiz.ch\/wp-content\/uploads\/2016\/04\/logo-holzfeuerungen-schweiz-300-dpi.png","type":"image\/png"}],"twitter_card":"summary_large_image","twitter_misc":{"Dur\u00e9e de lecture estim\u00e9e":"1 minute"},"schema":{"@context":"https:\/\/schema.org","@graph":[{"@type":"WebPage","@id":"https:\/\/www.holzfeuerungen-schweiz.ch\/fr\/evenements","url":"https:\/\/www.holzfeuerungen-schweiz.ch\/fr\/evenements","name":"\u00c9v\u00e9nements - Holzfeuerungen Schweiz","isPartOf":{"@id":"https:\/\/www.holzfeuerungen-schweiz.ch\/fr\/#website"},"datePublished":"2016-11-02T07:34:03+00:00","dateModified":"2026-03-17T08:27:07+00:00","breadcrumb":{"@id":"https:\/\/www.holzfeuerungen-schweiz.ch\/fr\/evenements#breadcrumb"},"inLanguage":"fr-FR","potentialAction":[{"@type":"ReadAction","target":["https:\/\/www.holzfeuerungen-schweiz.ch\/fr\/evenements"]}]},{"@type":"BreadcrumbList","@id":"https:\/\/www.holzfeuerungen-schweiz.ch\/fr\/evenements#breadcrumb","itemListElement":[{"@type":"ListItem","position":1,"name":"Startseite","item":"https:\/\/www.holzfeuerungen-schweiz.ch\/fr"},{"@type":"ListItem","position":2,"name":"\u00c9v\u00e9nements"}]},{"@type":"WebSite","@id":"https:\/\/www.holzfeuerungen-schweiz.ch\/fr\/#website","url":"https:\/\/www.holzfeuerungen-schweiz.ch\/fr\/","name":"Holzfeuerungen Schweiz","description":"","publisher":{"@id":"https:\/\/www.holzfeuerungen-schweiz.ch\/fr\/#organization"},"potentialAction":[{"@type":"SearchAction","target":{"@type":"EntryPoint","urlTemplate":"https:\/\/www.holzfeuerungen-schweiz.ch\/fr\/?s={search_term_string}"},"query-input":{"@type":"PropertyValueSpecification","valueRequired":true,"valueName":"search_term_string"}}],"inLanguage":"fr-FR"},{"@type":"Organization","@id":"https:\/\/www.holzfeuerungen-schweiz.ch\/fr\/#organization","name":"Holzfeuerungen Schweiz","url":"https:\/\/www.holzfeuerungen-schweiz.ch\/fr\/","logo":{"@type":"ImageObject","inLanguage":"fr-FR","@id":"https:\/\/www.holzfeuerungen-schweiz.ch\/fr\/#\/schema\/logo\/image\/","url":"https:\/\/www.holzfeuerungen-schweiz.ch\/wp-content\/uploads\/2016\/04\/logo-holzfeuerungen-schweiz-300-dpi.png","contentUrl":"https:\/\/www.holzfeuerungen-schweiz.ch\/wp-content\/uploads\/2016\/04\/logo-holzfeuerungen-schweiz-300-dpi.png","width":2052,"height":1280,"caption":"Holzfeuerungen Schweiz"},"image":{"@id":"https:\/\/www.holzfeuerungen-schweiz.ch\/fr\/#\/schema\/logo\/image\/"},"sameAs":["https:\/\/www.facebook.com\/Holzfeuerungen-Schweiz-107491968216764","https:\/\/www.linkedin.com\/company\/74027423\/admin\/","https:\/\/www.youtube.com\/watch?v=bvRtbBWWWrU"]}]}},"_links":{"self":[{"href":"https:\/\/www.holzfeuerungen-schweiz.ch\/fr\/wp-json\/wp\/v2\/pages\/1320","targetHints":{"allow":["GET"]}}],"collection":[{"href":"https:\/\/www.holzfeuerungen-schweiz.ch\/fr\/wp-json\/wp\/v2\/pages"}],"about":[{"href":"https:\/\/www.holzfeuerungen-schweiz.ch\/fr\/wp-json\/wp\/v2\/types\/page"}],"author":[{"embeddable":true,"href":"https:\/\/www.holzfeuerungen-schweiz.ch\/fr\/wp-json\/wp\/v2\/users\/5"}],"replies":[{"embeddable":true,"href":"https:\/\/www.holzfeuerungen-schweiz.ch\/fr\/wp-json\/wp\/v2\/comments?post=1320"}],"version-history":[{"count":13,"href":"https:\/\/www.holzfeuerungen-schweiz.ch\/fr\/wp-json\/wp\/v2\/pages\/1320\/revisions"}],"predecessor-version":[{"id":6819,"href":"https:\/\/www.holzfeuerungen-schweiz.ch\/fr\/wp-json\/wp\/v2\/pages\/1320\/revisions\/6819"}],"wp:attachment":[{"href":"https:\/\/www.holzfeuerungen-schweiz.ch\/fr\/wp-json\/wp\/v2\/media?parent=1320"}],"curies":[{"name":"wp","href":"https:\/\/api.w.org\/{rel}","templated":true}]}}