{"id":6356,"date":"2025-04-29T14:04:45","date_gmt":"2025-04-29T12:04:45","guid":{"rendered":"https:\/\/www.holzfeuerungen-schweiz.ch\/datenschutzerklaerung"},"modified":"2025-09-17T18:48:04","modified_gmt":"2025-09-17T16:48:04","slug":"declaration-de-confidentialite","status":"publish","type":"page","link":"https:\/\/www.holzfeuerungen-schweiz.ch\/fr\/declaration-de-confidentialite","title":{"rendered":"D\u00e9claration de confidentialit\u00e9"},"content":{"rendered":"\t\t\t<section  class=\"content-section      mt-30-xs mb-30-xs mt-70-md mb-70-md\"    >\n\n\t\t\t\t<div class=\"row  \">\n\n\t\t\t\t\t[vc_column][vc_column_text css=\u00a0\u00bb\u00a0\u00bb vc_rwd=\u00a0\u00bb\u00a0\u00bb]\n<h1>D\u00e9claration de confidentialit\u00e9<\/h1>\n<p>Derni\u00e8re mise \u00e0 jour : 2.5.2025<\/p>\n<p>Nous attachons une grande importance \u00e0 la transparence dans le traitement des donn\u00e9es personnelles. Cette d\u00e9claration de confidentialit\u00e9 fournit des informations sur les donn\u00e9es personnelles que nous collectons, dans quel but nous les utilisons et \u00e0 qui nous les transmettons. Afin de garantir une transparence \u00e9lev\u00e9e, cette d\u00e9claration de confidentialit\u00e9 est r\u00e9guli\u00e8rement examin\u00e9e et mise \u00e0 jour.<\/p>\n<p>&nbsp;<\/p>\n<h2>1. Quels services nous utilisons<\/h2>\n<ul>\n<li>Linkedin Ads<\/li>\n<li>YouTube<\/li>\n<li>WordPress<\/li>\n<\/ul>\n<p>&nbsp;<\/p>\n<h2>2. Informations de contact<\/h2>\n<p>Pour toute question ou pr\u00e9occupation concernant la protection de vos donn\u00e9es par notre interm\u00e9diaire, vous pouvez nous contacter \u00e0 tout moment par e-mail \u00e0 l&rsquo;adresse &#x69;&#x6e;&#x66;&#x6f;&#64;&#104;&#111;lz&#x66;&#x65;&#x75;&#x65;&#x72;&#117;&#110;&#103;en&#x2d;&#x73;&#x63;&#x68;&#x77;&#101;&#105;&#122;&#46;c&#x68;. Responsable des traitements de donn\u00e9es effectu\u00e9s via ce site web :<\/p>\n<p>Chauffages au bois Suisse<br \/>\nNeugasse 10<br \/>\n8005 Zurich<br \/>\nSuisse<\/p>\n<p>Personne responsable de la protection des donn\u00e9es :<br \/>\nLaurend Audergon<br \/>\nin&#102;&#111;&#64;&#104;&#x6f;&#x6c;&#x7a;&#x66;&#x65;ue&#114;&#117;&#110;&#103;&#x65;&#x6e;&#x2d;&#x73;&#x63;hw&#101;&#105;&#122;&#46;&#x63;&#x68;<br \/>\n044 250 88 12<\/p>\n<p>&nbsp;<\/p>\n<h2>3. Principes g\u00e9n\u00e9raux<\/h2>\n<h3>3.1 Quelles donn\u00e9es collectons-nous aupr\u00e8s de vous et de qui les recevons-nous ?<\/h3>\n<p>Nous traitons principalement des donn\u00e9es personnelles que vous nous transmettez ou que nous collectons lors de l\u2019exploitation de notre site web. Dans certains cas, nous recevons \u00e9galement des donn\u00e9es personnelles vous concernant de la part de tiers. Il peut s\u2019agir des cat\u00e9gories suivantes :<\/p>\n<ul>\n<li>Donn\u00e9es personnelles de base (nom, adresse, date de naissance, etc.) ;<\/li>\n<li>Donn\u00e9es de contact (num\u00e9ro de t\u00e9l\u00e9phone portable, adresse e-mail, etc.) ;<\/li>\n<li>Donn\u00e9es financi\u00e8res (par ex. informations bancaires) ;<\/li>\n<li>Identifiants en ligne (par ex. identifiant de cookie, adresses IP) ;<\/li>\n<li>Donn\u00e9es de localisation et de trafic ;<\/li>\n<li>Enregistrements audio et vid\u00e9o ;<\/li>\n<li>Donn\u00e9es particuli\u00e8rement sensibles (par ex. donn\u00e9es biom\u00e9triques ou informations sur votre sant\u00e9).<\/li>\n<\/ul>\n<p>&nbsp;<\/p>\n<h3>3.2 Sous quelles conditions traitons-nous vos donn\u00e9es ?<\/h3>\n<p>Nous traitons vos donn\u00e9es de mani\u00e8re confidentielle et conform\u00e9ment aux finalit\u00e9s d\u00e9finies dans cette d\u00e9claration de protection des donn\u00e9es. Nous veillons \u00e0 un traitement transparent et proportionn\u00e9.<\/p>\n<p>Si, exceptionnellement, nous ne sommes pas en mesure de respecter ces principes, le traitement des donn\u00e9es peut n\u00e9anmoins \u00eatre l\u00e9gitime s\u2019il existe un motif justificatif. Parmi les motifs justificatifs possibles, on trouve notamment :<\/p>\n<ul>\n<li>Votre consentement ;<\/li>\n<li>L\u2019ex\u00e9cution d\u2019un contrat ou de mesures pr\u00e9contractuelles ;<\/li>\n<li>Nos int\u00e9r\u00eats l\u00e9gitimes, \u00e0 condition que vos int\u00e9r\u00eats ne pr\u00e9valent pas.<\/li>\n<\/ul>\n<p>&nbsp;<\/p>\n<h3>3.3 Comment pouvez-vous retirer votre consentement ?<\/h3>\n<p>Si vous nous avez donn\u00e9 votre consentement pour le traitement de vos donn\u00e9es personnelles \u00e0 des fins sp\u00e9cifiques, nous traitons vos donn\u00e9es dans le cadre de ce consentement, sauf si nous avons un autre motif justificatif.<\/p>\n<p>Vous avez la possibilit\u00e9 de retirer votre consentement \u00e0 tout moment en envoyant un e-mail \u00e0 l\u2019adresse indiqu\u00e9e dans les mentions l\u00e9gales. Les traitements de donn\u00e9es d\u00e9j\u00e0 effectu\u00e9s ne sont pas affect\u00e9s.<\/p>\n<p>&nbsp;<\/p>\n<h3>3.4 In welchen F\u00e4llen k\u00f6nnen wir Ihre Daten an Dritte weitergeben?<\/h3>\n<h4>a. Principe<\/h4>\n<p>Nous pouvons \u00eatre amen\u00e9s \u00e0 faire appel \u00e0 des services de tiers ou d\u2019entreprises affili\u00e9es et \u00e0 leur confier le traitement de vos donn\u00e9es (appel\u00e9s sous-traitants). Les cat\u00e9gories de destinataires comprennent notamment :<\/p>\n<ul>\n<li>Cabinets comptables, fiduciaires et soci\u00e9t\u00e9s de r\u00e9vision ;<\/li>\n<li>Cabinets de conseil (conseil juridique, fiscalit\u00e9, etc.) ;<\/li>\n<li>Prestataires de services informatiques (h\u00e9bergement web, support, services cloud, conception de sites web, etc.) ;<\/li>\n<li>Fournisseurs de services de paiement ;<\/li>\n<li>Fournisseurs de services de suivi, de conversion et de publicit\u00e9.<\/li>\n<\/ul>\n<p>Nous veillons \u00e0 ce que ces tiers et nos entreprises affili\u00e9es respectent les exigences en mati\u00e8re de protection des donn\u00e9es et traitent vos donn\u00e9es personnelles de mani\u00e8re confidentielle.<\/p>\n<p>Dans certains cas, nous sommes \u00e9galement tenus de communiquer vos donn\u00e9es personnelles aux autorit\u00e9s.<\/p>\n<p>&nbsp;<\/p>\n<h4>b. Visite de nos canaux de m\u00e9dias sociaux<\/h4>\n<p>Nous avons \u00e9ventuellement int\u00e9gr\u00e9 sur notre site web des liens vers nos canaux de m\u00e9dias sociaux. Vous pouvez le constater (g\u00e9n\u00e9ralement par le biais de symboles correspondants). Si vous cliquez sur les symboles, vous serez redirig\u00e9 vers nos canaux de m\u00e9dias sociaux.<\/p>\n<p>Dans ce cas, les fournisseurs de m\u00e9dias sociaux sont inform\u00e9s que vous acc\u00e9dez \u00e0 leur plate-forme depuis notre site web. Les fournisseurs de m\u00e9dias sociaux peuvent utiliser les donn\u00e9es ainsi collect\u00e9es \u00e0 leurs propres fins. Nous attirons votre attention sur le fait que nous n&rsquo;avons pas connaissance du contenu des donn\u00e9es transmises ni de leur utilisation par les exploitants.<\/p>\n<h4>c. Transmission \u00e0 l&rsquo;\u00e9tranger<\/h4>\n<p>Dans certaines circonstances, le traitement des commandes peut entra\u00eener la transmission de vos donn\u00e9es personnelles \u00e0 des entreprises \u00e0 l&rsquo;\u00e9tranger. Ces entreprises sont tenues de respecter la protection des donn\u00e9es dans la m\u00eame mesure que nous-m\u00eames. La transmission peut avoir lieu dans le monde entier.<\/p>\n<p>Si le niveau de protection des donn\u00e9es ne correspond pas \u00e0 celui de la Suisse, nous proc\u00e9dons \u00e0 une \u00e9valuation pr\u00e9alable des risques et nous nous assurons par contrat que la m\u00eame protection qu&rsquo;en Suisse est garantie (par ex. au moyen des nouvelles clauses contractuelles standard de la Commission europ\u00e9enne ou d&rsquo;autres mesures prescrites par la loi). Si notre \u00e9valuation des risques s&rsquo;av\u00e8re n\u00e9gative, nous prenons des mesures techniques suppl\u00e9mentaires pour prot\u00e9ger vos donn\u00e9es. Vous pouvez consulter les clauses contractuelles standard de la Commission europ\u00e9enne en cliquant sur le lien suivant. https:\/\/commission.europa.eu\/publications\/standard-contractual-clauses-controllers-and-processors-eueea_de<\/p>\n<p>&nbsp;<\/p>\n<h3>3.5 Combien de temps conservons-nous vos donn\u00e9es ?<\/h3>\n<p>Nous ne conservons les donn\u00e9es \u00e0 caract\u00e8re personnel que le temps n\u00e9cessaire \u00e0 la r\u00e9alisation des diff\u00e9rentes finalit\u00e9s pour lesquelles les donn\u00e9es ont \u00e9t\u00e9 collect\u00e9es.<\/p>\n<p>Les donn\u00e9es que nous enregistrons lors de votre visite sur notre site web sont conserv\u00e9es pendant douze mois. Une exception s&rsquo;applique aux donn\u00e9es d&rsquo;analyse et de suivi, qui peuvent \u00eatre conserv\u00e9es plus longtemps.<\/p>\n<p>Nous conservons les donn\u00e9es contractuelles plus longtemps, car nous y sommes tenus par des dispositions l\u00e9gales. Nous devons notamment conserver les communications commerciales, les contrats conclus et les pi\u00e8ces comptables jusqu&rsquo;\u00e0 dix ans. Dans la mesure o\u00f9 nous n&rsquo;avons plus besoin de telles donn\u00e9es de votre part pour l&rsquo;ex\u00e9cution des services, les donn\u00e9es sont bloqu\u00e9es et nous ne les utilisons plus qu&rsquo;\u00e0 des fins de facturation et \u00e0 des fins fiscales.<\/p>\n<p>&nbsp;<\/p>\n<h3>3.6 Comment prot\u00e9geons-nous vos donn\u00e9es?<\/h3>\n<p>Nous conserverons vos donn\u00e9es en toute s\u00e9curit\u00e9 et prendrons toutes les mesures raisonnables pour prot\u00e9ger vos donn\u00e9es contre toute perte, acc\u00e8s, utilisation abusive ou modification.<\/p>\n<p>Nos partenaires contractuels et nos collaborateurs qui ont acc\u00e8s \u00e0 vos donn\u00e9es sont tenus de respecter les dispositions l\u00e9gales relatives \u00e0 la protection des donn\u00e9es. Dans certains cas, il sera n\u00e9cessaire que nous transmettions vos demandes \u00e0 des entreprises qui nous sont li\u00e9es. Dans ces cas \u00e9galement, vos donn\u00e9es sont trait\u00e9es de mani\u00e8re confidentielle.<\/p>\n<p>Au sein de notre site web, nous utilisons le proc\u00e9d\u00e9 SSL (Secure Socket Layer) en combinaison avec le niveau de cryptage le plus \u00e9lev\u00e9 support\u00e9 par votre navigateur.<\/p>\n<p>&nbsp;<\/p>\n<h3>3.7 Quels sont vos droits ?<\/h3>\n<h4>a. Droit d\u2019acc\u00e8s<\/h4>\n<p>Vous pouvez demander \u00e0 tout moment des informations sur les donn\u00e9es que nous avons enregistr\u00e9es \u00e0 votre sujet. Nous vous prions de soumettre votre demande d\u2019information accompagn\u00e9e d\u2019une preuve d\u2019identit\u00e9 \u00e0 inf&#111;&#64;&#104;&#x6f;&#x6c;&#x7a;&#x66;&#x65;&#x75;eru&#110;&#103;&#101;&#110;&#x2d;&#x73;&#x63;&#x68;&#x77;&#x65;iz&#46;&#99;&#104;.<\/p>\n<p>Vous avez \u00e9galement le droit de recevoir vos donn\u00e9es dans un format de fichier couramment utilis\u00e9, si nous traitons vos donn\u00e9es de mani\u00e8re automatis\u00e9e et si :<\/p>\n<ul>\n<li>Vous avez donn\u00e9 votre consentement pour le traitement de ces donn\u00e9es ; ou<\/li>\n<li>Vous avez communiqu\u00e9 des donn\u00e9es dans le cadre de la conclusion ou de l\u2019ex\u00e9cution d\u2019un contrat.<\/li>\n<\/ul>\n<p>Nous pouvons limiter ou refuser l\u2019acc\u00e8s aux informations ou la transmission des donn\u00e9es si cela va \u00e0 l\u2019encontre de nos obligations l\u00e9gales, de nos int\u00e9r\u00eats l\u00e9gitimes, d\u2019int\u00e9r\u00eats publics ou des int\u00e9r\u00eats d\u2019un tiers.<\/p>\n<p>Le traitement de votre demande est soumis au d\u00e9lai l\u00e9gal de 30 jours. Toutefois, nous pouvons prolonger ce d\u00e9lai en raison d\u2019un volume \u00e9lev\u00e9 de demandes, pour des raisons juridiques ou techniques, ou si nous avons besoin de pr\u00e9cisions suppl\u00e9mentaires de votre part. Vous serez inform\u00e9 de la prolongation du d\u00e9lai en temps voulu, au moins sous forme \u00e9crite.<\/p>\n<h4>b. Effacement et rectification<\/h4>\n<p>Vous avez \u00e0 tout moment la possibilit\u00e9 de demander l&rsquo;effacement ou la rectification de vos donn\u00e9es. Nous pouvons rejeter la demande si des dispositions l\u00e9gales nous obligent \u00e0 conserver les donn\u00e9es plus longtemps ou sans les modifier ou si un motif d&rsquo;autorisation s&rsquo;oppose \u00e0 votre demande.<\/p>\n<p>Veuillez noter que l&rsquo;exercice de vos droits peut, dans certaines circonstances, \u00eatre en conflit avec des accords contractuels et avoir des cons\u00e9quences correspondantes sur l&rsquo;ex\u00e9cution du contrat (p. ex. r\u00e9siliation anticip\u00e9e du contrat ou cons\u00e9quences financi\u00e8res).<\/p>\n<h4>c. Voies de recours<\/h4>\n<p>Si vous \u00eates concern\u00e9 par le traitement de donn\u00e9es \u00e0 caract\u00e8re personnel, vous avez le droit de faire valoir vos droits en justice ou de d\u00e9poser une notification aupr\u00e8s de l&rsquo;autorit\u00e9 de surveillance comp\u00e9tente. L&rsquo;autorit\u00e9 de surveillance comp\u00e9tente en Suisse est le Pr\u00e9pos\u00e9 f\u00e9d\u00e9ral \u00e0 la protection des donn\u00e9es et \u00e0 la transparence : https:\/\/www.edoeb.admin.ch<\/p>\n<p>&nbsp;<\/p>\n<h3>3.8 Modifications de la d\u00e9claration de protection des donn\u00e9es<\/h3>\n<p>Nous pouvons modifier cette d\u00e9claration de protection des donn\u00e9es \u00e0 tout moment. Les modifications seront publi\u00e9es sur www.holztfeuerungen-schweiz.ch, sans notification particuli\u00e8re.<\/p>\n<p>&nbsp;<\/p>\n<h2>4. Processus individuels de traitement des donn\u00e9es<\/h2>\n<p>&nbsp;<\/p>\n<h3>4.1 Mise \u00e0 disposition du site web et cr\u00e9ation de fichiers journaux<\/h3>\n<h4>Quelles informations recevons-nous et comment les utilisons-nous ?<\/h4>\n<p>En visitant www.holztfeuerungen-schweiz.ch, certaines donn\u00e9es sont automatiquement enregistr\u00e9es sur nos serveurs ou sur les serveurs des services et produits que nous utilisons et\/ou avons install\u00e9s, \u00e0 des fins d\u2019administration du syst\u00e8me, de statistiques, de sauvegarde ou de suivi. Il s\u2019agit notamment des informations suivantes :<\/p>\n<ul>\n<li>Le nom de votre fournisseur d\u2019acc\u00e8s \u00e0 Internet ;<\/li>\n<li>Votre adresse IP (le cas \u00e9ch\u00e9ant) ;<\/li>\n<li>La version de votre logiciel de navigation ;<\/li>\n<li>Le syst\u00e8me d\u2019exploitation de l\u2019ordinateur utilis\u00e9 pour acc\u00e9der \u00e0 l\u2019URL ;<\/li>\n<li>La date et l\u2019heure de l\u2019acc\u00e8s ;<\/li>\n<li>Le site web depuis lequel vous avez acc\u00e9d\u00e9 \u00e0 l\u2019URL ;<\/li>\n<li>Les mots-cl\u00e9s que vous avez utilis\u00e9s pour trouver l\u2019URL.<\/li>\n<\/ul>\n<p>&nbsp;<\/p>\n<h4>Pourquoi pouvons-nous traiter ces donn\u00e9es?<\/h4>\n<p>Ces donn\u00e9es ne peuvent \u00eatre attribu\u00e9es \u00e0 aucune personne en particulier et aucun regroupement de ces donn\u00e9es avec d&rsquo;autres sources de donn\u00e9es n&rsquo;a lieu. L&rsquo;enregistrement des fichiers journaux a lieu afin de garantir le bon fonctionnement du site web et d&rsquo;assurer la s\u00e9curit\u00e9 de nos syst\u00e8mes informatiques. Il s&rsquo;agit l\u00e0 de notre int\u00e9r\u00eat l\u00e9gitime.<\/p>\n<p>&nbsp;<\/p>\n<h4>Comment pouvez-vous emp\u00eacher la collecte de donn\u00e9es?<\/h4>\n<p>Les donn\u00e9es ne sont conserv\u00e9es que tant que cela est n\u00e9cessaire pour atteindre l&rsquo;objectif de leur collecte. En cons\u00e9quence, les donn\u00e9es sont supprim\u00e9es \u00e0 la fin de chaque session. L&rsquo;enregistrement des fichiers journaux est absolument n\u00e9cessaire pour le fonctionnement du site web, vous n&rsquo;avez donc pas la possibilit\u00e9 de vous y opposer.<\/p>\n<p>&nbsp;<\/p>\n<h3>4.2 Linkedin Ads<\/h3>\n<p>Nous utilisons sur notre site web des services publicitaires de LinkedIn, un service de LinkedIn Ireland Unlimited Company, Wilton Plaza, Wilton Place, Dublin 2, Irlande (\u00ab LinkedIn \u00bb).<\/p>\n<p>LinkedIn Ads nous permet de diffuser des publicit\u00e9s cibl\u00e9es en fonction des int\u00e9r\u00eats et du comportement des utilisateurs. LinkedIn utilise des cookies et des technologies similaires pour afficher des publicit\u00e9s en fonction de vos visites pr\u00e9c\u00e9dentes sur notre site et d&rsquo;autres sites. Cela nous permet de mesurer et d&rsquo;optimiser l&rsquo;efficacit\u00e9 de nos mesures publicitaires.<\/p>\n<p>Les informations collect\u00e9es par LinkedIn Ads sont anonymes pour nous, ce qui signifie que nous ne recevons pas de donn\u00e9es personnelles d&rsquo;utilisateurs individuels. Ces donn\u00e9es sont toutefois enregistr\u00e9es et trait\u00e9es par LinkedIn, de sorte qu&rsquo;un lien avec le profil de l&rsquo;utilisateur concern\u00e9 est possible et que LinkedIn peut utiliser les donn\u00e9es \u00e0 ses propres fins publicitaires, conform\u00e9ment \u00e0 la politique de confidentialit\u00e9 de LinkedIn.<\/p>\n<p>Si vous \u00eates membre de LinkedIn et que vous \u00eates connect\u00e9 \u00e0 votre compte LinkedIn lorsque vous visitez notre site web, les donn\u00e9es collect\u00e9es par LinkedIn Ads seront li\u00e9es \u00e0 votre compte LinkedIn.<\/p>\n<p>L&rsquo;utilisation de LinkedIn Ads a pour but d&rsquo;analyser et d&rsquo;optimiser l&rsquo;efficacit\u00e9 de nos mesures publicitaires. Le traitement des donn\u00e9es s&rsquo;effectue sur la base de notre int\u00e9r\u00eat l\u00e9gitime \u00e0 une publicit\u00e9 cibl\u00e9e et \u00e0 l&rsquo;analyse de l&rsquo;impact et de l&rsquo;efficacit\u00e9 de cette publicit\u00e9.<\/p>\n<p>&nbsp;<\/p>\n<h3>4.3 YouTube<\/h3>\n<p>Des vid\u00e9os de YouTube, une plateforme de Google LLC (1600 Amphitheatre Parkway, Mountain View, CA 94043, USA ; \u00ab Google \u00bb), sont int\u00e9gr\u00e9es \u00e0 notre site web. Lors de l&rsquo;affichage des vid\u00e9os ou lorsque vous cliquez sur le bouton de lecture, des donn\u00e9es, y compris votre adresse IP et des informations sur le navigateur que vous utilisez, sont transmises aux serveurs de Google et y sont enregistr\u00e9es. Ces donn\u00e9es sont utilis\u00e9es pour fournir la vid\u00e9o, surveiller les performances et am\u00e9liorer l&rsquo;exp\u00e9rience de l&rsquo;utilisateur.<\/p>\n<p>Si vous \u00eates connect\u00e9 \u00e0 votre compte YouTube, vous permettez \u00e0 YouTube d&rsquo;associer directement votre comportement de navigation \u00e0 votre profil personnel. Vous pouvez emp\u00eacher cela en vous d\u00e9connectant de votre compte YouTube.<\/p>\n<p>&nbsp;<\/p>\n<h3>4.4 WordPress<\/h3>\n<p>Notre site web est bas\u00e9 sur la plateforme WordPress, un syst\u00e8me de gestion de contenu d\u00e9velopp\u00e9 par Automattic Inc, 60 29th Street #343, San Francisco, CA 94110, USA. WordPress nous permet de cr\u00e9er, de g\u00e9rer et de publier des contenus.<\/p>\n<p>Lorsque vous utilisez notre site web bas\u00e9 sur WordPress, diverses donn\u00e9es peuvent \u00eatre collect\u00e9es et enregistr\u00e9es, y compris votre adresse IP, la date et l&rsquo;heure d&rsquo;acc\u00e8s, ainsi que des informations sur le navigateur que vous utilisez. Ces donn\u00e9es sont principalement utilis\u00e9es \u00e0 des fins administratives et pour assurer un fonctionnement sans faille du site.<\/p>\n<p>Certaines fonctions de WordPress, comme les commentaires ou les formulaires de contact, peuvent collecter des donn\u00e9es personnelles suppl\u00e9mentaires lorsque vous les utilisez.<\/p>\n<p>&nbsp;<\/p>\n<h3>BrainBox Generatoren<\/h3>\n<p>BrainBox Generatoren est un service de <a href=\"\u00ab\" target=\"\u00ab\" rel=\"\u00ab\">BrainBox Solutions GmbH<\/a> permettant d\u2019identifier tous les services li\u00e9s \u00e0 la protection des donn\u00e9es sur un site web et d\u2019aider, entre autres, \u00e0 la r\u00e9daction de la d\u00e9claration de protection des donn\u00e9es. Aucune donn\u00e9e personnelle n\u2019est collect\u00e9e ou trait\u00e9e dans ce cadre.[\/vc_column_text][\/vc_column]\n\t\t\t\t<\/div>\n\n\t\t\t\t\n\t\t\t\t\n\t\t\t\n\t\t\t\n\t\t<\/section>\n\n\t\n","protected":false},"excerpt":{"rendered":"[vc_column][vc_column_text css=\"\" vc_rwd=\"\"] D\u00e9claration de confidentialit\u00e9 Derni\u00e8re mise \u00e0 jour : 2.5.2025 Nous attachons une grande importance \u00e0 la transparence dans le traitement des donn\u00e9es personnelles. Cette d\u00e9claration de confidentialit\u00e9 fournit des informations sur les donn\u00e9es personnelles que nous collectons, dans quel but nous les utilisons et \u00e0 qui nous <a class=\"moretag\" href=\"https:\/\/www.holzfeuerungen-schweiz.ch\/fr\/declaration-de-confidentialite\">read more...<\/a>","protected":false},"author":5,"featured_media":0,"parent":0,"menu_order":109,"comment_status":"closed","ping_status":"closed","template":"","meta":{"_acf_changed":false,"footnotes":"","_links_to":"","_links_to_target":""},"class_list":["post-6356","page","type-page","status-publish","hentry"],"acf":[],"yoast_head":"<!-- This site is optimized with the Yoast SEO plugin v27.5 - https:\/\/yoast.com\/product\/yoast-seo-wordpress\/ -->\n<title>D\u00e9claration de confidentialit\u00e9 - Holzfeuerungen Schweiz<\/title>\n<meta name=\"robots\" content=\"index, follow, max-snippet:-1, max-image-preview:large, max-video-preview:-1\" \/>\n<link rel=\"canonical\" href=\"https:\/\/www.holzfeuerungen-schweiz.ch\/fr\/declaration-de-confidentialite\" \/>\n<meta property=\"og:locale\" content=\"fr_FR\" \/>\n<meta property=\"og:type\" content=\"article\" \/>\n<meta property=\"og:title\" content=\"D\u00e9claration de confidentialit\u00e9 - Holzfeuerungen Schweiz\" \/>\n<meta property=\"og:url\" content=\"https:\/\/www.holzfeuerungen-schweiz.ch\/fr\/declaration-de-confidentialite\" \/>\n<meta property=\"og:site_name\" content=\"Holzfeuerungen Schweiz\" \/>\n<meta property=\"article:publisher\" content=\"https:\/\/www.facebook.com\/Holzfeuerungen-Schweiz-107491968216764\" \/>\n<meta property=\"article:modified_time\" content=\"2025-09-17T16:48:04+00:00\" \/>\n<meta property=\"og:image\" content=\"https:\/\/www.holzfeuerungen-schweiz.ch\/wp-content\/uploads\/2016\/04\/logo-holzfeuerungen-schweiz-300-dpi.png\" \/>\n\t<meta property=\"og:image:width\" content=\"2052\" \/>\n\t<meta property=\"og:image:height\" content=\"1280\" \/>\n\t<meta property=\"og:image:type\" content=\"image\/png\" \/>\n<meta name=\"twitter:card\" content=\"summary_large_image\" \/>\n<meta name=\"twitter:label1\" content=\"Dur\u00e9e de lecture estim\u00e9e\" \/>\n\t<meta name=\"twitter:data1\" content=\"13 minutes\" \/>\n<script type=\"application\/ld+json\" class=\"yoast-schema-graph\">{\"@context\":\"https:\\\/\\\/schema.org\",\"@graph\":[{\"@type\":\"WebPage\",\"@id\":\"https:\\\/\\\/www.holzfeuerungen-schweiz.ch\\\/fr\\\/declaration-de-confidentialite\",\"url\":\"https:\\\/\\\/www.holzfeuerungen-schweiz.ch\\\/fr\\\/declaration-de-confidentialite\",\"name\":\"D\u00e9claration de confidentialit\u00e9 - Holzfeuerungen Schweiz\",\"isPartOf\":{\"@id\":\"https:\\\/\\\/www.holzfeuerungen-schweiz.ch\\\/fr\\\/#website\"},\"datePublished\":\"2025-04-29T12:04:45+00:00\",\"dateModified\":\"2025-09-17T16:48:04+00:00\",\"breadcrumb\":{\"@id\":\"https:\\\/\\\/www.holzfeuerungen-schweiz.ch\\\/fr\\\/declaration-de-confidentialite#breadcrumb\"},\"inLanguage\":\"fr-FR\",\"potentialAction\":[{\"@type\":\"ReadAction\",\"target\":[\"https:\\\/\\\/www.holzfeuerungen-schweiz.ch\\\/fr\\\/declaration-de-confidentialite\"]}]},{\"@type\":\"BreadcrumbList\",\"@id\":\"https:\\\/\\\/www.holzfeuerungen-schweiz.ch\\\/fr\\\/declaration-de-confidentialite#breadcrumb\",\"itemListElement\":[{\"@type\":\"ListItem\",\"position\":1,\"name\":\"Startseite\",\"item\":\"https:\\\/\\\/www.holzfeuerungen-schweiz.ch\\\/fr\"},{\"@type\":\"ListItem\",\"position\":2,\"name\":\"D\u00e9claration de confidentialit\u00e9\"}]},{\"@type\":\"WebSite\",\"@id\":\"https:\\\/\\\/www.holzfeuerungen-schweiz.ch\\\/fr\\\/#website\",\"url\":\"https:\\\/\\\/www.holzfeuerungen-schweiz.ch\\\/fr\\\/\",\"name\":\"Holzfeuerungen Schweiz\",\"description\":\"\",\"publisher\":{\"@id\":\"https:\\\/\\\/www.holzfeuerungen-schweiz.ch\\\/fr\\\/#organization\"},\"potentialAction\":[{\"@type\":\"SearchAction\",\"target\":{\"@type\":\"EntryPoint\",\"urlTemplate\":\"https:\\\/\\\/www.holzfeuerungen-schweiz.ch\\\/fr\\\/?s={search_term_string}\"},\"query-input\":{\"@type\":\"PropertyValueSpecification\",\"valueRequired\":true,\"valueName\":\"search_term_string\"}}],\"inLanguage\":\"fr-FR\"},{\"@type\":\"Organization\",\"@id\":\"https:\\\/\\\/www.holzfeuerungen-schweiz.ch\\\/fr\\\/#organization\",\"name\":\"Holzfeuerungen Schweiz\",\"url\":\"https:\\\/\\\/www.holzfeuerungen-schweiz.ch\\\/fr\\\/\",\"logo\":{\"@type\":\"ImageObject\",\"inLanguage\":\"fr-FR\",\"@id\":\"https:\\\/\\\/www.holzfeuerungen-schweiz.ch\\\/fr\\\/#\\\/schema\\\/logo\\\/image\\\/\",\"url\":\"https:\\\/\\\/www.holzfeuerungen-schweiz.ch\\\/wp-content\\\/uploads\\\/2016\\\/04\\\/logo-holzfeuerungen-schweiz-300-dpi.png\",\"contentUrl\":\"https:\\\/\\\/www.holzfeuerungen-schweiz.ch\\\/wp-content\\\/uploads\\\/2016\\\/04\\\/logo-holzfeuerungen-schweiz-300-dpi.png\",\"width\":2052,\"height\":1280,\"caption\":\"Holzfeuerungen Schweiz\"},\"image\":{\"@id\":\"https:\\\/\\\/www.holzfeuerungen-schweiz.ch\\\/fr\\\/#\\\/schema\\\/logo\\\/image\\\/\"},\"sameAs\":[\"https:\\\/\\\/www.facebook.com\\\/Holzfeuerungen-Schweiz-107491968216764\",\"https:\\\/\\\/www.linkedin.com\\\/company\\\/74027423\\\/admin\\\/\",\"https:\\\/\\\/www.youtube.com\\\/watch?v=bvRtbBWWWrU\"]}]}<\/script>\n<!-- \/ Yoast SEO plugin. -->","yoast_head_json":{"title":"D\u00e9claration de confidentialit\u00e9 - Holzfeuerungen Schweiz","robots":{"index":"index","follow":"follow","max-snippet":"max-snippet:-1","max-image-preview":"max-image-preview:large","max-video-preview":"max-video-preview:-1"},"canonical":"https:\/\/www.holzfeuerungen-schweiz.ch\/fr\/declaration-de-confidentialite","og_locale":"fr_FR","og_type":"article","og_title":"D\u00e9claration de confidentialit\u00e9 - Holzfeuerungen Schweiz","og_url":"https:\/\/www.holzfeuerungen-schweiz.ch\/fr\/declaration-de-confidentialite","og_site_name":"Holzfeuerungen Schweiz","article_publisher":"https:\/\/www.facebook.com\/Holzfeuerungen-Schweiz-107491968216764","article_modified_time":"2025-09-17T16:48:04+00:00","og_image":[{"width":2052,"height":1280,"url":"https:\/\/www.holzfeuerungen-schweiz.ch\/wp-content\/uploads\/2016\/04\/logo-holzfeuerungen-schweiz-300-dpi.png","type":"image\/png"}],"twitter_card":"summary_large_image","twitter_misc":{"Dur\u00e9e de lecture estim\u00e9e":"13 minutes"},"schema":{"@context":"https:\/\/schema.org","@graph":[{"@type":"WebPage","@id":"https:\/\/www.holzfeuerungen-schweiz.ch\/fr\/declaration-de-confidentialite","url":"https:\/\/www.holzfeuerungen-schweiz.ch\/fr\/declaration-de-confidentialite","name":"D\u00e9claration de confidentialit\u00e9 - Holzfeuerungen Schweiz","isPartOf":{"@id":"https:\/\/www.holzfeuerungen-schweiz.ch\/fr\/#website"},"datePublished":"2025-04-29T12:04:45+00:00","dateModified":"2025-09-17T16:48:04+00:00","breadcrumb":{"@id":"https:\/\/www.holzfeuerungen-schweiz.ch\/fr\/declaration-de-confidentialite#breadcrumb"},"inLanguage":"fr-FR","potentialAction":[{"@type":"ReadAction","target":["https:\/\/www.holzfeuerungen-schweiz.ch\/fr\/declaration-de-confidentialite"]}]},{"@type":"BreadcrumbList","@id":"https:\/\/www.holzfeuerungen-schweiz.ch\/fr\/declaration-de-confidentialite#breadcrumb","itemListElement":[{"@type":"ListItem","position":1,"name":"Startseite","item":"https:\/\/www.holzfeuerungen-schweiz.ch\/fr"},{"@type":"ListItem","position":2,"name":"D\u00e9claration de confidentialit\u00e9"}]},{"@type":"WebSite","@id":"https:\/\/www.holzfeuerungen-schweiz.ch\/fr\/#website","url":"https:\/\/www.holzfeuerungen-schweiz.ch\/fr\/","name":"Holzfeuerungen Schweiz","description":"","publisher":{"@id":"https:\/\/www.holzfeuerungen-schweiz.ch\/fr\/#organization"},"potentialAction":[{"@type":"SearchAction","target":{"@type":"EntryPoint","urlTemplate":"https:\/\/www.holzfeuerungen-schweiz.ch\/fr\/?s={search_term_string}"},"query-input":{"@type":"PropertyValueSpecification","valueRequired":true,"valueName":"search_term_string"}}],"inLanguage":"fr-FR"},{"@type":"Organization","@id":"https:\/\/www.holzfeuerungen-schweiz.ch\/fr\/#organization","name":"Holzfeuerungen Schweiz","url":"https:\/\/www.holzfeuerungen-schweiz.ch\/fr\/","logo":{"@type":"ImageObject","inLanguage":"fr-FR","@id":"https:\/\/www.holzfeuerungen-schweiz.ch\/fr\/#\/schema\/logo\/image\/","url":"https:\/\/www.holzfeuerungen-schweiz.ch\/wp-content\/uploads\/2016\/04\/logo-holzfeuerungen-schweiz-300-dpi.png","contentUrl":"https:\/\/www.holzfeuerungen-schweiz.ch\/wp-content\/uploads\/2016\/04\/logo-holzfeuerungen-schweiz-300-dpi.png","width":2052,"height":1280,"caption":"Holzfeuerungen Schweiz"},"image":{"@id":"https:\/\/www.holzfeuerungen-schweiz.ch\/fr\/#\/schema\/logo\/image\/"},"sameAs":["https:\/\/www.facebook.com\/Holzfeuerungen-Schweiz-107491968216764","https:\/\/www.linkedin.com\/company\/74027423\/admin\/","https:\/\/www.youtube.com\/watch?v=bvRtbBWWWrU"]}]}},"_links":{"self":[{"href":"https:\/\/www.holzfeuerungen-schweiz.ch\/fr\/wp-json\/wp\/v2\/pages\/6356","targetHints":{"allow":["GET"]}}],"collection":[{"href":"https:\/\/www.holzfeuerungen-schweiz.ch\/fr\/wp-json\/wp\/v2\/pages"}],"about":[{"href":"https:\/\/www.holzfeuerungen-schweiz.ch\/fr\/wp-json\/wp\/v2\/types\/page"}],"author":[{"embeddable":true,"href":"https:\/\/www.holzfeuerungen-schweiz.ch\/fr\/wp-json\/wp\/v2\/users\/5"}],"replies":[{"embeddable":true,"href":"https:\/\/www.holzfeuerungen-schweiz.ch\/fr\/wp-json\/wp\/v2\/comments?post=6356"}],"version-history":[{"count":10,"href":"https:\/\/www.holzfeuerungen-schweiz.ch\/fr\/wp-json\/wp\/v2\/pages\/6356\/revisions"}],"predecessor-version":[{"id":6501,"href":"https:\/\/www.holzfeuerungen-schweiz.ch\/fr\/wp-json\/wp\/v2\/pages\/6356\/revisions\/6501"}],"wp:attachment":[{"href":"https:\/\/www.holzfeuerungen-schweiz.ch\/fr\/wp-json\/wp\/v2\/media?parent=6356"}],"curies":[{"name":"wp","href":"https:\/\/api.w.org\/{rel}","templated":true}]}}